{"id":422,"date":"2022-12-28T21:03:47","date_gmt":"2022-12-28T21:03:47","guid":{"rendered":"https:\/\/ksandrine.alwaysdata.net\/sophro\/?page_id=422"},"modified":"2025-11-25T16:12:34","modified_gmt":"2025-11-25T16:12:34","slug":"qui-suis-je","status":"publish","type":"page","link":"https:\/\/sophrologue-gardanne.fr\/index.php\/qui-suis-je\/","title":{"rendered":"Qui suis-je ?"},"content":{"rendered":"\n<figure class=\"wp-block-image size-full is-resized\"><img loading=\"lazy\" decoding=\"async\" width=\"265\" height=\"149\" src=\"https:\/\/ksandrine.alwaysdata.net\/sophro\/wp-content\/uploads\/2024\/07\/plan-6-photo.png\" alt=\"\" class=\"wp-image-1096\" style=\"width:482px;height:auto\"\/><\/figure>\n\n\n\n<p>J&rsquo;\u00e9cris aujourd&rsquo;hui ces quelques lignes pour que nous fassions connaissance.<\/p>\n\n\n\n<p><strong>Je m&rsquo;appelle Sandrine<\/strong>, j&rsquo;ai 48 ans et je suis une<strong> maman<\/strong> de 2 enfants<strong> Hpi, Dys, Tda\/h<\/strong>, <strong>Tsa<\/strong>. A la naissance de mon <strong>premier enfant<\/strong>, j&rsquo;ai appris \u00e0 composer avec les <strong>diff\u00e9rences<\/strong>, la pression <strong>sociale, scolaire et familiale<\/strong>, l<strong>a parentalit\u00e9<\/strong> (complexe). J&rsquo;ai entendu les termes<strong> Hpi, dys, tda\/h, Tsa<\/strong> en 2010 pour la premi\u00e8re fois apr\u00e8s <strong>la naissance de mon deuxi\u00e8me enfant<\/strong>. C&rsquo;est \u00e0 cet instant que je me suis sentie <strong>lib\u00e9r\u00e9e des doutes et de la culpabilit\u00e9 parentale<\/strong>. Le <strong>parcours scolaire et parental<\/strong> n&rsquo;a pas \u00e9t\u00e9 un long fleuve tranquille, je me suis souvent sentie d\u00e9munie. J&rsquo;aurais aim\u00e9 <strong>\u00eatre accompagn\u00e9e<\/strong> \u00e0 cette \u00e9poque. La 1\u00e8re fois que j&rsquo;ai rencontr\u00e9 <strong>la sophrologie<\/strong> c&rsquo;\u00e9tait pour r\u00e9pondre au <strong>souci de phobie scolaire<\/strong> de mon ain\u00e9, et, l\u00e0&#8230;.. Comme <strong>une \u00e9vidence<\/strong> pour moi!!! Je voulais en faire <strong>mon m\u00e9tier<\/strong>!!! <strong>Nouvelle vie<\/strong> me voil\u00e0!!!<\/p>\n\n\n\n<p class=\"has-pale-ocean-gradient-background has-background\">Je suis <strong>cr\u00e9ative, dynamique, avenante, sociable<\/strong>. Mes passions sont la danse, l&rsquo;\u00e9quitation, les voyages, les randos, la lecture, la musique et bien d&rsquo;autres encore!!!<\/p>\n\n\n\n<p>Vous l&rsquo;aurez compris, je suis constamment en<strong> mouvement,<\/strong> enfin presque! J&rsquo;adore profiter \u00e9galement d&rsquo;une <strong>pause<\/strong> pour <strong>contempler<\/strong> et \u00e9couter la vie!<\/p>\n\n\n\n<p><\/p>\n\n\n\n<h2 class=\"wp-block-heading\">Mon parcours<\/h2>\n\n\n\n<p class=\"has-pale-ocean-gradient-background has-background\">Mon <strong>parcours professionnel<\/strong> est vari\u00e9, il correspond \u00e0 ma <strong>curiosit\u00e9 <\/strong>de d\u00e9couverte et mon<strong> <\/strong>\u00e9volution personnelle.<\/p>\n\n\n\n<p><br>Il est important pour moi de <strong>partager, d&rsquo;\u00e9changer, d&rsquo;accompagner<\/strong> et mes diff\u00e9rents postes ont \u00e9t\u00e9 dans cette continuit\u00e9, que ce soit dans le monde du commerce, d&rsquo;aide \u00e0 la personne, \u00e0 la petite enfance, de RH, et d&rsquo;adjointe de direction. Toutes ces ann\u00e9es ont \u00e9t\u00e9 riches d&rsquo;<strong>apprentissage<\/strong> et m&rsquo;ont permis de d\u00e9velopper mon <strong>\u00e9coute, <\/strong>ma<strong> bienveillance, <\/strong>ma<strong> cr\u00e9ativit\u00e9<\/strong>! Mon go\u00fbt prononc\u00e9 pour les<strong> relations<\/strong> <strong>humaines<\/strong> m&rsquo;a amen\u00e9 \u00e0 m&rsquo;orienter vers le m\u00e9tier de <strong>Sophrologue<\/strong> et d&rsquo;<strong>Hypnoth\u00e9rapeute<\/strong>.<br>J&rsquo;ai donc entrepris, de me former \u00e0 <strong>la sophrologie et l&rsquo;hypnose <em>ericksonienne<\/em><\/strong>, cela m&rsquo;a permis de me d\u00e9passer et d&rsquo;affiner mes <strong>comp\u00e9tences,<\/strong> mes <strong>techniques<\/strong> et les <strong>outils <\/strong>pour r\u00e9pondre \u00e0<strong> vos besoins<\/strong>. Au cours de mes <strong>formations<\/strong>, j&rsquo;ai suivi plusieurs stages dans des <strong>\u00e9coles, coll\u00e8ges et lyc\u00e9es <\/strong>ainsi qu&rsquo;aupr\u00e8s d&rsquo;une <strong>sage-femme<\/strong> dans le cadre de la <strong>pr\u00e9paration \u00e0 la maternit\u00e9<\/strong>. Cela m&rsquo;a permis de cr\u00e9er des s\u00e9ances sp\u00e9cifiques et <strong>sp\u00e9cialis\u00e9es<\/strong> dans l&rsquo;<strong>accompagnement<\/strong> en milieu<strong> scolaire<\/strong> et pour l&rsquo;<strong>accompagnement<\/strong> pendant et apr\u00e8s la <strong>grossesse<\/strong>.<\/p>\n\n\n\n<p>Qui plus est, certaines probl\u00e9matiques rencontr\u00e9es dans ma <strong>vie personnelle, familiale<\/strong> m&rsquo;ont amen\u00e9es naturellement \u00e0 me sp\u00e9cialiser dans la gestion du <strong>poids<\/strong>, le sevrage <strong>tabagique<\/strong>, la <strong>douleur<\/strong> en hypnose.<\/p>\n\n\n\n<p>D&rsquo;autres part, je me suis aper\u00e7u que les <strong>troubles du sommeil<\/strong> sont de plus en plus pr\u00e9sents et qu&rsquo;ils perturbent la vie priv\u00e9e et professionnelle, c&rsquo;est pour cela que j&rsquo;ai \u00e0 c\u0153ur de vous <strong>guider<\/strong> pour que vous retrouviez un <strong>sommeil<\/strong> profond et r\u00e9parateur gr\u00e2ce \u00e0 <strong>la sophrologie et l&rsquo;hypnose <\/strong>.<\/p>\n\n\n\n<p><\/p>\n\n\n\n<p>De plus, comme vous le savez, maman de 2 enfants <strong>HPI,TDA\/H et Dys<\/strong>, et moi-m\u00eame entre autres \ud83d\ude09 <strong>dysgraphique<\/strong> !<\/p>\n\n\n\n<p class=\"has-pale-ocean-gradient-background has-background\">Cet univers v\u00e9cu au quotidien m&rsquo;a donn\u00e9 l&rsquo;envie de me sp\u00e9cialiser \u00e9galement dans les<strong> Enfants et Ados<\/strong> et les <strong>troubles des apprentissages<\/strong> <strong>\u00ab\u00a0DYS, TDA\/H, HPI&#8230;\u00a0\u00bb<\/strong>, je suis dipl\u00f4m\u00e9e <strong>\u00ab\u00a0Sophrodys\u00a0\u00bb<\/strong> formation cr\u00e9ee par Nicolas Chaze, orthophoniste et sophrologue .<\/p>\n\n\n\n<p>Je peux ainsi accompagner au mieux tous ces jolis \u00ab\u00a0<strong>z\u00e8bres\u00a0\u00bb<\/strong> et leurs parents dans cette aventure!<\/p>\n\n\n\n<p>Je les accompagne dans leurs transformations en \u00ab\u00a0Super-<strong>DYS, TDA\/H, HPI<\/strong>\u00a0\u00bb gr\u00e2ce \u00e0 la prise de conscience de leurs Super-Ressources, capacit\u00e9s et \u00e9motions, ainsi, que dans la mise en place de Super-Outils de <strong>concentrations et m\u00e9morisations<\/strong>. Dans le cadre de cette <strong>sp\u00e9cialisation<\/strong> , j&rsquo;accompagne \u00e9galement les familles dans l&rsquo;aide et la <strong>guidance parentale<\/strong> en individuel et collectif.<\/p>\n\n\n\n<p class=\"has-pale-ocean-gradient-background has-background\">Je continue de me former r\u00e9guli\u00e8rement afin de r\u00e9pondre \u00e0 vos besoins au fil du temps.<\/p>\n\n\n\n<p class=\"has-pale-ocean-gradient-background has-background\">Afin de cr\u00e9er une alliance, je sais m\u2019appuyer sur mes comp\u00e9tences d\u2019\u00e9coute active, de douceur et d\u2019empathie. Je sais accueillir chaque demande avec respect et confidentialit\u00e9.<\/p>\n\n\n\n<p><\/p>\n\n\n\n<h2 class=\"wp-block-heading\">Ma formation<\/h2>\n\n\n\n<ul class=\"wp-block-list\">\n<li><strong>Praticienne en Sophrologie <\/strong>dipl\u00f4m\u00e9e de <strong><em>L&rsquo;\u00e9cole de sophrologie PACA<\/em><\/strong> \u00e0 Aubagne , <strong>Titre RNCP <\/strong>Niveau III.<\/li>\n\n\n\n<li><strong>Sp\u00e9cialis\u00e9e \u00ab\u00a0Troubles des Apprentissages DYS, HPI, TDA\/H&#8230;\u00a0\u00bb<\/strong> dipl\u00f4m\u00e9e <strong>SOPHRODYS<\/strong>&nbsp;Formation certifiante sp\u00e9cialis\u00e9e cr\u00e9ee par Nicolas Chaze, Orthophoniste et Sophrologue. Ma formatrice St\u00e9phanie Caputo de <strong><em>L&rsquo;\u00e9cole de sophrologie PACA<\/em><\/strong> \u00e0 Aubagne.<\/li>\n\n\n\n<li><strong>Praticienne en Hypnose Ericksonienne<\/strong>&nbsp;\u2013 dipl\u00f4m\u00e9e de <strong><em>L&rsquo;institut Etoile Formations <\/em><\/strong>\u00e0 Aubagne formatrice dipl\u00f4m\u00e9e de <strong>l&rsquo;ARCHE<\/strong>.<\/li>\n\n\n\n<li><strong>Psychop\u00e9dagogue<\/strong> dipl\u00f4m\u00e9e de<strong> Psychopedia Formation<\/strong> \u00e0 Paris, <strong>Rem\u00e9diations cognitives<\/strong><\/li>\n\n\n\n<li><strong>Form\u00e9e<\/strong> \u00e0 la <strong>BPAE <\/strong>par <strong>Psychop\u00e9dia Formation<\/strong> Paris<\/li>\n<\/ul>\n\n\n\n<figure class=\"wp-block-image size-full\"><img loading=\"lazy\" decoding=\"async\" width=\"157\" height=\"122\" src=\"https:\/\/ksandrine.alwaysdata.net\/sophro\/wp-content\/uploads\/2024\/06\/image-1.png\" alt=\"\" class=\"wp-image-977\"\/><\/figure>\n\n\n\n<p><\/p>\n\n\n\n<h2 class=\"wp-block-heading\">Prendre RDV avec Sandrine, Sophrologue et Hypnoth\u00e9rapeute \u00e0 Gardanne et Aix en Provence :<\/h2>\n\n\n\n<p>t\u00e9l\u00e9phone : <a href=\"tel:0765576861\">07 65 57 68 61<\/a><br>email : <a href=\"mailto:sandrinekarsenty@gmail.com\">sandrinekarsenty@gmail.com<\/a><\/p>\n\n\n\n<figure class=\"wp-block-image size-full is-resized\"><img loading=\"lazy\" decoding=\"async\" width=\"250\" height=\"95\" src=\"https:\/\/ksandrine.alwaysdata.net\/sophro\/wp-content\/uploads\/2024\/06\/image.png\" alt=\"\" class=\"wp-image-974\" style=\"width:198px;height:auto\"\/><\/figure>\n","protected":false},"excerpt":{"rendered":"<p>J&rsquo;\u00e9cris aujourd&rsquo;hui ces quelques lignes pour que nous fassions connaissance. Je m&rsquo;appelle Sandrine, j&rsquo;ai 48 ans et je suis une&hellip; <\/p>\n","protected":false},"author":3,"featured_media":0,"parent":0,"menu_order":0,"comment_status":"closed","ping_status":"closed","template":"","meta":{"footnotes":""},"class_list":["post-422","page","type-page","status-publish","hentry"],"_links":{"self":[{"href":"https:\/\/sophrologue-gardanne.fr\/index.php\/wp-json\/wp\/v2\/pages\/422","targetHints":{"allow":["GET"]}}],"collection":[{"href":"https:\/\/sophrologue-gardanne.fr\/index.php\/wp-json\/wp\/v2\/pages"}],"about":[{"href":"https:\/\/sophrologue-gardanne.fr\/index.php\/wp-json\/wp\/v2\/types\/page"}],"author":[{"embeddable":true,"href":"https:\/\/sophrologue-gardanne.fr\/index.php\/wp-json\/wp\/v2\/users\/3"}],"replies":[{"embeddable":true,"href":"https:\/\/sophrologue-gardanne.fr\/index.php\/wp-json\/wp\/v2\/comments?post=422"}],"version-history":[{"count":52,"href":"https:\/\/sophrologue-gardanne.fr\/index.php\/wp-json\/wp\/v2\/pages\/422\/revisions"}],"predecessor-version":[{"id":1274,"href":"https:\/\/sophrologue-gardanne.fr\/index.php\/wp-json\/wp\/v2\/pages\/422\/revisions\/1274"}],"wp:attachment":[{"href":"https:\/\/sophrologue-gardanne.fr\/index.php\/wp-json\/wp\/v2\/media?parent=422"}],"curies":[{"name":"wp","href":"https:\/\/api.w.org\/{rel}","templated":true}]}}